{"id":3268,"date":"2011-05-20T18:49:43","date_gmt":"2011-05-20T18:49:43","guid":{"rendered":"https:\/\/milanoluisshub.it\/home\/"},"modified":"2025-09-05T05:14:48","modified_gmt":"2025-09-05T05:14:48","slug":"home","status":"publish","type":"page","link":"https:\/\/milanoluisshub.it\/en\/","title":{"rendered":"Home"},"content":{"rendered":"\n<div class=\"wp-block-cover alignfull is-light has-custom-content-position is-position-bottom-center slider has-blu-scuro-color has-text-color has-link-color wp-elements-b9d53f5ecee0576025089dcc89dc91ef\" style=\"border-bottom-color:var(--wp--preset--color--blu-scuro);border-bottom-width:1px;padding-bottom:0;min-height:559px;aspect-ratio:unset;\"><img loading=\"lazy\" decoding=\"async\" width=\"1000\" height=\"666\" class=\"wp-block-cover__image-background wp-image-2080 size-full\" alt=\"\" src=\"http:\/\/milanoluisshub.it\/wp-content\/uploads\/2020\/04\/cropped-Milano-LUISS-Hub_ItaliaCampYouTube-Google_21-1-scaled-2.jpg\" data-object-fit=\"cover\" srcset=\"https:\/\/milanoluisshub.it\/wp-content\/uploads\/2020\/04\/cropped-Milano-LUISS-Hub_ItaliaCampYouTube-Google_21-1-scaled-2.jpg 1000w, https:\/\/milanoluisshub.it\/wp-content\/uploads\/2020\/04\/cropped-Milano-LUISS-Hub_ItaliaCampYouTube-Google_21-1-scaled-2-300x200.jpg 300w, https:\/\/milanoluisshub.it\/wp-content\/uploads\/2020\/04\/cropped-Milano-LUISS-Hub_ItaliaCampYouTube-Google_21-1-scaled-2-768x511.jpg 768w\" sizes=\"auto, (max-width: 1000px) 100vw, 1000px\" \/><span aria-hidden=\"true\" class=\"wp-block-cover__background has-background-dim-0 has-background-dim\"><\/span><div class=\"wp-block-cover__inner-container is-layout-flow wp-block-cover-is-layout-flow\">\n<div class=\"wp-block-group alignfull has-global-padding is-layout-constrained wp-container-core-group-is-layout-344d6f9e wp-block-group-is-layout-constrained\">\n<div class=\"wp-block-group has-bianco-background-color has-background has-global-padding is-content-justification-left is-layout-constrained wp-container-core-group-is-layout-392072fb wp-block-group-is-layout-constrained\" style=\"margin-top:0;margin-bottom:0;padding-right:0;padding-left:0\">\n        <div class=\"wp-block-getwid-post-slider custom-post-type-post alignfull has-arrows-none has-dots-none\">\n            <div data-slider-option=\"{&quot;getwid_fade_effect&quot;:&quot;slide&quot;,&quot;getwid_autoplay&quot;:false,&quot;getwid_pause_on_hover&quot;:false,&quot;getwid_autoplay_speed&quot;:6000,&quot;getwid_infinite&quot;:true,&quot;getwid_animation_speed&quot;:800,&quot;getwid_arrows&quot;:&quot;none&quot;,&quot;getwid_dots&quot;:&quot;none&quot;}\" class=\"wp-block-getwid-post-slider__content\">\n                <p>Nothing found.<\/p>            <\/div>\n        <\/div>\n        <\/div>\n\n\n\n<div id=\"slider-nav\" class=\"wp-block-group has-bianco-background-color has-background has-global-padding is-layout-constrained wp-block-group-is-layout-constrained\" style=\"margin-top:0;margin-bottom:0;padding-top:40px;padding-bottom:var(--wp--preset--spacing--40)\">\n<div class=\"wp-block-group has-global-padding is-layout-constrained wp-block-group-is-layout-constrained\">\n<div class=\"wp-block-group has-blu-scuro-color has-text-color has-link-color wp-elements-fdb0c4d91ab798895f8dee55fe19c3c6 is-content-justification-space-between is-nowrap is-layout-flex wp-container-core-group-is-layout-ed947458 wp-block-group-is-layout-flex\" style=\"margin-top:0;margin-bottom:0;padding-top:0;padding-right:0;padding-bottom:0;padding-left:0;font-size:clamp(15.747px, 0.984rem + ((1vw - 3.2px) * 0.645), 24px);\">\n<span class=\"counter bold\"><\/span>\n\n\n\n<div>\n<span class=\"prev bold\"><<\/span><span class=\"next bold\">><\/span><\/div>\n<\/div>\n<\/div>\n<\/div>\n<\/div>\n<\/div><\/div>\n\n\n\n<div class=\"wp-block-group has-global-padding is-content-justification-center is-layout-constrained wp-container-core-group-is-layout-5484dced wp-block-group-is-layout-constrained\" style=\"margin-top:var(--wp--preset--spacing--70);margin-bottom:var(--wp--preset--spacing--70)\">\n<div class=\"wp-block-columns is-layout-flex wp-container-core-columns-is-layout-28f84493 wp-block-columns-is-layout-flex\">\n<div class=\"wp-block-column is-layout-flow wp-block-column-is-layout-flow\" style=\"flex-basis:50%\">\n<p style=\"line-height:1.5\">Il Milano Luiss Hub for makers and students \u00e8 un\u2019agor\u00e0 multidisciplinare dell\u2019economia della conoscenza dedicata all\u2019apprendimento, condivisione e integrazione di competenze imprenditoriali tradizionali e innovative.<br><br><strong>L\u2019obiettivo \u00e8 accrescere il potenziale creativo dei territori per uno sviluppo pi\u00f9 equo e inclusivo della societ\u00e0 e dell\u2019economia.<\/strong><\/p>\n<\/div>\n\n\n\n<div class=\"wp-block-column is-layout-flow wp-block-column-is-layout-flow\" style=\"flex-basis:50%\">\n<p style=\"line-height:1.5\">Milano Luiss Hub \u00e8 un progetto di rigenerazione urbana nato nel cuore della citt\u00e0 e gestito da un partenariato pubblico-privato \u2013 <a href=\"https:\/\/www.comune.milano.it\/\">Comune di Milano<\/a>, <a href=\"https:\/\/www.luiss.it\/\">Luiss<\/a>, <a href=\"https:\/\/www.fondazionebrodolini.it\/\">Fondazione Brodolini<\/a>, <a href=\"https:\/\/italiacamp.com\/it\/\">Italiacamp<\/a> \u2013 la cui mission \u00e8 creare opportunit\u00e0 di ricerca, apprendimento, scambio e sperimentazione di idee e azioni per lo sviluppo dell\u2019industria creativa e della manifattura digitale, anche grazie all\u2019applicazione di tecnologie digitali.<\/p>\n<\/div>\n<\/div>\n<\/div>\n\n\n\n<div class=\"wp-block-group has-global-padding is-layout-constrained wp-container-core-group-is-layout-7ec58703 wp-block-group-is-layout-constrained\" style=\"margin-top:70px;margin-bottom:80px\">\n<div class=\"wp-block-group is-layout-flow wp-block-group-is-layout-flow\" style=\"border-bottom-color:var(--wp--preset--color--blu-scuro);border-bottom-width:1px;margin-bottom:40px\">\n<h2 class=\"wp-block-heading alignfull\"><strong>Le attivit\u00e0<\/strong><\/h2>\n<\/div>\n\n\n\n<div class=\"wp-block-columns is-layout-flex wp-container-core-columns-is-layout-28232c24 wp-block-columns-is-layout-flex\" id=\"attivita\">\n<div class=\"wp-block-column is-layout-flow wp-block-column-is-layout-flow\" style=\"border-right-color:var(--wp--preset--color--blu-scuro);border-right-width:1px;padding-right:20px;padding-left:20px;flex-basis:25%\">\n<div class=\"wp-block-group is-layout-flow wp-block-group-is-layout-flow\">\n<figure class=\"wp-block-image aligncenter size-large\" style=\"margin-bottom:0px\"><img loading=\"lazy\" decoding=\"async\" width=\"79\" height=\"83\" src=\"http:\/\/milanoluisshub.it\/wp-content\/uploads\/2025\/08\/Education-center.svg\" alt=\"\" class=\"wp-image-3886\"\/><\/figure>\n\n\n\n<h4 class=\"wp-block-heading has-text-align-center\" style=\"margin-top:40px;font-size:clamp(20px, 1.25rem + ((1vw - 3.2px) * 0.938), 32px);\"><strong>Education center<\/strong><\/h4>\n\n\n\n<p class=\"has-text-align-center\" style=\"font-size:clamp(15.747px, 0.984rem + ((1vw - 3.2px) * 0.645), 24px);line-height:1.5\">Il Milano Luiss Hub dedica una importante parte della sua attivit\u00e0 all\u2019apprendimento: in sede vengono erogate attivit\u00e0 e percorsi di formazione di diverse tipologie e per varie fasce d\u2019et\u00e0, dalle scuole superiori all\u2019alta formazione, per studenti e professionisti.<\/p>\n<\/div>\n<\/div>\n\n\n\n<div class=\"wp-block-column is-layout-flow wp-block-column-is-layout-flow\" style=\"border-right-color:var(--wp--preset--color--blu-scuro);border-right-width:1px;padding-right:20px;padding-left:20px;flex-basis:25%\">\n<div class=\"wp-block-group is-layout-flow wp-block-group-is-layout-flow\" style=\"padding-top:0;padding-right:0;padding-bottom:0;padding-left:0\">\n<figure class=\"wp-block-image aligncenter size-large\"><img loading=\"lazy\" decoding=\"async\" width=\"106\" height=\"85\" src=\"http:\/\/milanoluisshub.it\/wp-content\/uploads\/2025\/08\/Metafablab.svg\" alt=\"\" class=\"wp-image-3890\"\/><\/figure>\n\n\n\n<h4 class=\"wp-block-heading has-text-align-center\" style=\"margin-top:40px;font-size:clamp(20px, 1.25rem + ((1vw - 3.2px) * 0.938), 32px);\"><strong>Metafablab<\/strong><\/h4>\n\n\n\n<p class=\"has-text-align-center\" style=\"font-size:clamp(15.747px, 0.984rem + ((1vw - 3.2px) * 0.645), 24px);line-height:1.5\">Il Metafablab si trasforma nell\u2019InfoHub 4.0, un punto di accesso fisico e digitale, con l\u2019obiettivo di creare connessioni tra piccole e medie imprese, studenti e manifattura digitale, nell\u2019ambito dell\u2019industria 4.0<\/p>\n<\/div>\n<\/div>\n\n\n\n<div class=\"wp-block-column is-layout-flow wp-block-column-is-layout-flow\" style=\"border-right-color:var(--wp--preset--color--blu-scuro);border-right-width:1px;padding-right:20px;padding-left:20px;flex-basis:25%\">\n<div class=\"wp-block-group is-layout-flow wp-block-group-is-layout-flow\">\n<figure class=\"wp-block-image aligncenter size-large\"><img loading=\"lazy\" decoding=\"async\" width=\"85\" height=\"84\" src=\"http:\/\/milanoluisshub.it\/wp-content\/uploads\/2025\/08\/Acceleratore-dimpresa.svg\" alt=\"\" class=\"wp-image-3884\"\/><\/figure>\n\n\n\n<h4 class=\"wp-block-heading has-text-align-center\" style=\"margin-top:40px;font-size:clamp(20px, 1.25rem + ((1vw - 3.2px) * 0.938), 32px);\"><strong>Acceleratore d\u2019impresa<\/strong><\/h4>\n\n\n\n<p class=\"has-text-align-center\" style=\"font-size:clamp(15.747px, 0.984rem + ((1vw - 3.2px) * 0.645), 24px);line-height:1.5\">Un luogo dove creativit\u00e0, imprenditoria e contenuti innovativi si incontrano per dare vita a sperimentazioni imprenditoriali, dove le competenze vengono stimolate da un ambiente multidisciplinare in stretto contatto e a disposizione della community.<\/p>\n<\/div>\n<\/div>\n\n\n\n<div class=\"wp-block-column is-layout-flow wp-block-column-is-layout-flow\" style=\"padding-right:20px;padding-left:20px;flex-basis:25%\">\n<div class=\"wp-block-group is-layout-flow wp-block-group-is-layout-flow\">\n<figure class=\"wp-block-image aligncenter size-large\"><img loading=\"lazy\" decoding=\"async\" width=\"95\" height=\"88\" src=\"http:\/\/milanoluisshub.it\/wp-content\/uploads\/2025\/08\/Innovation-gallery.svg\" alt=\"\" class=\"wp-image-3888\"\/><\/figure>\n\n\n\n<h4 class=\"wp-block-heading has-text-align-center\" style=\"margin-top:40px;font-size:clamp(20px, 1.25rem + ((1vw - 3.2px) * 0.938), 32px);\"><strong>Innovation gallery<\/strong><\/h4>\n\n\n\n<p class=\"has-text-align-center\" style=\"font-size:clamp(15.747px, 0.984rem + ((1vw - 3.2px) * 0.645), 24px);line-height:1.5\">Come spazio all\u2019avanguardia dedicato all\u2019innovazione e alla digital fabrication, il Milano Luiss Hub ospita e organizza momenti d\u2019incontro pensati per stimolare la circolazione di idee e mettere in contatto le realt\u00e0 imprenditoriali con il territorio.<\/p>\n<\/div>\n<\/div>\n<\/div>\n<\/div>\n\n\n\n<div class=\"wp-block-group alignfull is-layout-flow wp-block-group-is-layout-flow\">\n<div class=\"wp-block-group alignfull has-global-padding is-layout-constrained wp-block-group-is-layout-constrained\">\n<div class=\"wp-block-cover alignfull has-custom-content-position is-position-bottom-center\" style=\"padding-bottom:0;min-height:514px;aspect-ratio:unset;\"><img decoding=\"async\" class=\"wp-block-cover__image-background wp-image-2430 size-large\" alt=\"Part-Time MBA Milan\" src=\"http:\/\/milanoluisshub.it\/wp-content\/uploads\/2020\/07\/49033944913_357aaaca97_o-1024x683.jpg\" data-object-fit=\"cover\"\/><span aria-hidden=\"true\" class=\"wp-block-cover__background has-background-dim-0 has-background-dim\"><\/span><div class=\"wp-block-cover__inner-container has-global-padding is-layout-constrained wp-container-core-cover-is-layout-ff226da3 wp-block-cover-is-layout-constrained\">\n<div class=\"wp-block-group pillar has-bianco-background-color has-background has-global-padding is-layout-constrained wp-block-group-is-layout-constrained\" style=\"border-top-color:#7ba4db;border-top-width:40px;margin-top:0;margin-bottom:0;padding-top:0;padding-bottom:0\">\n<div class=\"wp-block-group has-blu-scuro-color has-text-color has-link-color wp-elements-b933d1e0893e17b77d2e0da4f4e55c03 has-global-padding is-layout-constrained wp-block-group-is-layout-constrained\" style=\"padding-top:var(--wp--preset--spacing--50);padding-bottom:var(--wp--preset--spacing--50)\">\n<p class=\"has-text-align-left\" style=\"font-size:clamp(20px, 1.25rem + ((1vw - 3.2px) * 0.938), 32px);\"><strong>Milano Luiss Hub for makers and students<\/strong><\/p>\n\n\n\n<p class=\"has-text-align-left\" style=\"font-size:clamp(15.747px, 0.984rem + ((1vw - 3.2px) * 0.645), 24px);line-height:1.5\">Lo spazio polifunzionale di Milano dedicato a progetti di alternanza scuola lavoro, alta formazione, manifattura digitale, accelerazione d\u2019impresa ed eventi pubblici.<\/p>\n<\/div>\n<\/div>\n<\/div><\/div>\n<\/div>\n<\/div>\n\n\n\n<div class=\"wp-block-group alignfull has-rosso-background-color has-background has-global-padding is-layout-constrained wp-container-core-group-is-layout-124b5dd7 wp-block-group-is-layout-constrained\" style=\"min-height:514px;margin-top:0;margin-bottom:0\">\n<div class=\"wp-block-group has-global-padding is-layout-constrained wp-container-core-group-is-layout-520232fb wp-block-group-is-layout-constrained\" style=\"padding-right:0;padding-left:0\">\n<div class=\"wp-block-columns alignfull reverse-order is-layout-flex wp-container-core-columns-is-layout-e0e4babd wp-block-columns-is-layout-flex\" style=\"padding-right:0;padding-left:0\">\n<div class=\"wp-block-column is-vertically-aligned-bottom is-layout-flow wp-block-column-is-layout-flow\">\n<div class=\"wp-block-group has-global-padding is-layout-constrained wp-container-core-group-is-layout-344d6f9e wp-block-group-is-layout-constrained\">\n<div class=\"wp-block-group has-bianco-background-color has-background is-layout-flow wp-block-group-is-layout-flow\" style=\"border-top-color:#7ba4db;border-top-width:40px;min-height:414px;margin-top:0;margin-bottom:0;padding-top:0;padding-bottom:0;background-image:url(&#039;http:\/\/milanoluisshub.it\/wp-content\/uploads\/2021\/10\/DFP-77.jpg&#039;);background-size:cover;\">\n<div class=\"wp-block-group has-blu-scuro-color has-text-color has-link-color wp-elements-672f9c1ffde7411b6ac87fa6b9a4484e has-global-padding is-layout-constrained wp-block-group-is-layout-constrained\" style=\"padding-top:var(--wp--preset--spacing--50);padding-bottom:var(--wp--preset--spacing--50)\"><\/div>\n<\/div>\n<\/div>\n<\/div>\n\n\n\n<div class=\"wp-block-column is-vertically-aligned-center is-layout-flow wp-block-column-is-layout-flow\">\n<div class=\"wp-block-group reset-height has-bianco-color has-text-color has-link-color wp-elements-8f8749e9b16c7e5f98b21a94c53f6e94 is-vertical is-layout-flex wp-container-core-group-is-layout-6b53dad0 wp-block-group-is-layout-flex\" style=\"min-height:450px;margin-top:var(--wp--preset--spacing--60);margin-bottom:var(--wp--preset--spacing--60)\">\n<div class=\"wp-block-group has-global-padding is-layout-constrained wp-block-group-is-layout-constrained\">\n<p class=\"has-bianco-color has-text-color has-link-color wp-elements-a4215b84d48e2b6a4378cb37a5d9a565\" style=\"font-size:clamp(20px, 1.25rem + ((1vw - 3.2px) * 0.938), 32px);\"><strong>Gli eventi di rilievo<\/strong><\/p>\n\n\n\n<p class=\"has-bianco-color has-text-color has-link-color wp-elements-568a7db8e9c02b866d38399b9ad7b90a\" style=\"font-size:clamp(15.747px, 0.984rem + ((1vw - 3.2px) * 0.645), 24px);line-height:1.5\">Partecipa ai prossimi eventi di rilievo organizzati o ospitati da Milano Luiss Hub, o scopri quali sono stati gli eventi top dell\u2019anno in corso.<\/p>\n\n\n\n<div class=\"wp-block-buttons is-layout-flex wp-block-buttons-is-layout-flex\" style=\"border-radius:0px\">\n<div class=\"wp-block-button\"><a class=\"wp-block-button__link has-blu-scuro-color has-bianco-background-color has-text-color has-background has-link-color wp-element-button\" style=\"border-radius:0px;padding-top:var(--wp--preset--spacing--10);padding-right:var(--wp--preset--spacing--30);padding-bottom:var(--wp--preset--spacing--10);padding-left:var(--wp--preset--spacing--30)\"><strong>Scopri di pi\u00f9<\/strong><\/a><\/div>\n<\/div>\n<\/div>\n<\/div>\n<\/div>\n<\/div>\n<\/div>\n<\/div>\n\n\n\n<div class=\"wp-block-group has-global-padding is-layout-constrained wp-container-core-group-is-layout-7ec58703 wp-block-group-is-layout-constrained\" style=\"margin-top:70px;margin-bottom:80px\">\n<div class=\"wp-block-group is-layout-flow wp-block-group-is-layout-flow\" style=\"border-bottom-color:var(--wp--preset--color--blu-scuro);border-bottom-width:1px;margin-bottom:40px\">\n<h2 class=\"wp-block-heading alignfull\"><strong>Focus on<\/strong><\/h2>\n<\/div>\n\n\n\n<div class=\"wp-block-group has-global-padding is-layout-constrained wp-block-group-is-layout-constrained\">\n<div class=\"wp-block-query alignwide is-layout-flow wp-block-query-is-layout-flow\"><\/div>\n<\/div>\n<\/div>\n\n\n\n<div class=\"wp-block-group has-global-padding is-layout-constrained wp-container-core-group-is-layout-7ec58703 wp-block-group-is-layout-constrained\" style=\"margin-top:70px;margin-bottom:80px\">\n<div class=\"wp-block-group is-layout-flow wp-block-group-is-layout-flow\" style=\"border-bottom-color:var(--wp--preset--color--blu-scuro);border-bottom-width:1px;margin-bottom:40px\">\n<h2 class=\"wp-block-heading alignfull\"><strong>Iscriviti alla Newsletter<\/strong><\/h2>\n<\/div>\n\n\n\n<div class=\"wp-block-group has-global-padding is-layout-constrained wp-block-group-is-layout-constrained\">\n<script type=\"text\/javascript\" src=\"https:\/\/form.jotform.com\/jsform\/211923218987060\"><\/script>\n<\/div>\n<\/div>\n","protected":false},"excerpt":{"rendered":"<p>Il Milano Luiss Hub for makers and students \u00e8 un\u2019agor\u00e0 multidisciplinare dell\u2019economia della conoscenza dedicata all\u2019apprendimento, condivisione e integrazione di competenze imprenditoriali tradizionali e innovative. L\u2019obiettivo \u00e8 accrescere il potenziale creativo dei territori per uno sviluppo pi\u00f9 equo e inclusivo della societ\u00e0 e dell\u2019economia. Milano Luiss Hub \u00e8 un progetto di rigenerazione urbana nato nel [&hellip;]<\/p>\n","protected":false},"author":5,"featured_media":4636,"parent":0,"menu_order":0,"comment_status":"open","ping_status":"closed","template":"","meta":{"_acf_changed":false,"inline_featured_image":false,"footnotes":""},"class_list":["post-3268","page","type-page","status-publish","has-post-thumbnail","hentry"],"acf":[],"mb":[],"yoast_head":"<!-- This site is optimized with the Yoast SEO plugin v25.9 - https:\/\/yoast.com\/wordpress\/plugins\/seo\/ -->\n<title>Milano Luiss Hub \u00e8 un progetto di rigenerazione urbana.<\/title>\n<meta name=\"description\" content=\"Il Milano Luiss Hub for makers and students \u00e8 un&#039;agor\u00e0 multidisciplinare ed \u00e8 un progetto di rigenerazione urbana nato nel cuore della citt\u00e0 di Milano.\" \/>\n<meta name=\"robots\" content=\"index, follow, max-snippet:-1, max-image-preview:large, max-video-preview:-1\" \/>\n<link rel=\"canonical\" href=\"https:\/\/milanoluisshub.it\/en\/\" \/>\n<meta property=\"og:locale\" content=\"en_US\" \/>\n<meta property=\"og:type\" content=\"article\" \/>\n<meta property=\"og:title\" content=\"Il Milano Luiss Hub for makers and students \u00e8 un progetto di rigenerazione urbana nato nel cuore della citt\u00e0 di Milano.\" \/>\n<meta property=\"og:description\" content=\"Il Milano Luiss Hub for makers and students \u00e8 un&#039;agor\u00e0 multidisciplinare ed \u00e8 un progetto di rigenerazione urbana nato nel cuore della citt\u00e0 di Milano.\" \/>\n<meta property=\"og:url\" content=\"https:\/\/milanoluisshub.it\/en\/\" \/>\n<meta property=\"og:site_name\" content=\"Milano Luiss Hub\" \/>\n<meta property=\"article:modified_time\" content=\"2025-09-05T05:14:48+00:00\" \/>\n<meta property=\"og:image\" content=\"http:\/\/milanoluisshub.it\/wp-content\/uploads\/2020\/05\/mlh_home.jpg\" \/>\n<meta name=\"twitter:card\" content=\"summary_large_image\" \/>\n<meta name=\"twitter:label1\" content=\"Est. reading time\" \/>\n\t<meta name=\"twitter:data1\" content=\"4 minutes\" \/>\n<script type=\"application\/ld+json\" class=\"yoast-schema-graph\">{\"@context\":\"https:\/\/schema.org\",\"@graph\":[{\"@type\":\"WebPage\",\"@id\":\"https:\/\/milanoluisshub.it\/en\/\",\"url\":\"https:\/\/milanoluisshub.it\/en\/\",\"name\":\"Milano Luiss Hub \u00e8 un progetto di rigenerazione urbana.\",\"isPartOf\":{\"@id\":\"https:\/\/milanoluisshub.it\/en\/#website\"},\"primaryImageOfPage\":{\"@id\":\"https:\/\/milanoluisshub.it\/en\/#primaryimage\"},\"image\":{\"@id\":\"https:\/\/milanoluisshub.it\/en\/#primaryimage\"},\"thumbnailUrl\":\"https:\/\/milanoluisshub.it\/wp-content\/uploads\/2019\/06\/27148952677_841f76550a_o-2.jpg\",\"datePublished\":\"2011-05-20T18:49:43+00:00\",\"dateModified\":\"2025-09-05T05:14:48+00:00\",\"description\":\"Il Milano Luiss Hub for makers and students \u00e8 un'agor\u00e0 multidisciplinare ed \u00e8 un progetto di rigenerazione urbana nato nel cuore della citt\u00e0 di Milano.\",\"breadcrumb\":{\"@id\":\"https:\/\/milanoluisshub.it\/en\/#breadcrumb\"},\"inLanguage\":\"en-US\",\"potentialAction\":[{\"@type\":\"ReadAction\",\"target\":[\"https:\/\/milanoluisshub.it\/en\/\"]}]},{\"@type\":\"ImageObject\",\"inLanguage\":\"en-US\",\"@id\":\"https:\/\/milanoluisshub.it\/en\/#primaryimage\",\"url\":\"https:\/\/milanoluisshub.it\/wp-content\/uploads\/2019\/06\/27148952677_841f76550a_o-2.jpg\",\"contentUrl\":\"https:\/\/milanoluisshub.it\/wp-content\/uploads\/2019\/06\/27148952677_841f76550a_o-2.jpg\",\"width\":2048,\"height\":1365},{\"@type\":\"BreadcrumbList\",\"@id\":\"https:\/\/milanoluisshub.it\/en\/#breadcrumb\",\"itemListElement\":[{\"@type\":\"ListItem\",\"position\":1,\"name\":\"Home\",\"item\":\"https:\/\/milanoluisshub.it\/en\/\"},{\"@type\":\"ListItem\",\"position\":2,\"name\":\"Home\"}]},{\"@type\":\"WebSite\",\"@id\":\"https:\/\/milanoluisshub.it\/en\/#website\",\"url\":\"https:\/\/milanoluisshub.it\/en\/\",\"name\":\"Milano Luiss Hub\",\"description\":\"Milano Luiss Hub\",\"potentialAction\":[{\"@type\":\"SearchAction\",\"target\":{\"@type\":\"EntryPoint\",\"urlTemplate\":\"https:\/\/milanoluisshub.it\/en\/?s={search_term_string}\"},\"query-input\":{\"@type\":\"PropertyValueSpecification\",\"valueRequired\":true,\"valueName\":\"search_term_string\"}}],\"inLanguage\":\"en-US\"}]}<\/script>\n<!-- \/ Yoast SEO plugin. -->","yoast_head_json":{"title":"Milano Luiss Hub \u00e8 un progetto di rigenerazione urbana.","description":"Il Milano Luiss Hub for makers and students \u00e8 un'agor\u00e0 multidisciplinare ed \u00e8 un progetto di rigenerazione urbana nato nel cuore della citt\u00e0 di Milano.","robots":{"index":"index","follow":"follow","max-snippet":"max-snippet:-1","max-image-preview":"max-image-preview:large","max-video-preview":"max-video-preview:-1"},"canonical":"https:\/\/milanoluisshub.it\/en\/","og_locale":"en_US","og_type":"article","og_title":"Il Milano Luiss Hub for makers and students \u00e8 un progetto di rigenerazione urbana nato nel cuore della citt\u00e0 di Milano.","og_description":"Il Milano Luiss Hub for makers and students \u00e8 un'agor\u00e0 multidisciplinare ed \u00e8 un progetto di rigenerazione urbana nato nel cuore della citt\u00e0 di Milano.","og_url":"https:\/\/milanoluisshub.it\/en\/","og_site_name":"Milano Luiss Hub","article_modified_time":"2025-09-05T05:14:48+00:00","og_image":[{"url":"http:\/\/milanoluisshub.it\/wp-content\/uploads\/2020\/05\/mlh_home.jpg","type":"","width":"","height":""}],"twitter_card":"summary_large_image","twitter_misc":{"Est. reading time":"4 minutes"},"schema":{"@context":"https:\/\/schema.org","@graph":[{"@type":"WebPage","@id":"https:\/\/milanoluisshub.it\/en\/","url":"https:\/\/milanoluisshub.it\/en\/","name":"Milano Luiss Hub \u00e8 un progetto di rigenerazione urbana.","isPartOf":{"@id":"https:\/\/milanoluisshub.it\/en\/#website"},"primaryImageOfPage":{"@id":"https:\/\/milanoluisshub.it\/en\/#primaryimage"},"image":{"@id":"https:\/\/milanoluisshub.it\/en\/#primaryimage"},"thumbnailUrl":"https:\/\/milanoluisshub.it\/wp-content\/uploads\/2019\/06\/27148952677_841f76550a_o-2.jpg","datePublished":"2011-05-20T18:49:43+00:00","dateModified":"2025-09-05T05:14:48+00:00","description":"Il Milano Luiss Hub for makers and students \u00e8 un'agor\u00e0 multidisciplinare ed \u00e8 un progetto di rigenerazione urbana nato nel cuore della citt\u00e0 di Milano.","breadcrumb":{"@id":"https:\/\/milanoluisshub.it\/en\/#breadcrumb"},"inLanguage":"en-US","potentialAction":[{"@type":"ReadAction","target":["https:\/\/milanoluisshub.it\/en\/"]}]},{"@type":"ImageObject","inLanguage":"en-US","@id":"https:\/\/milanoluisshub.it\/en\/#primaryimage","url":"https:\/\/milanoluisshub.it\/wp-content\/uploads\/2019\/06\/27148952677_841f76550a_o-2.jpg","contentUrl":"https:\/\/milanoluisshub.it\/wp-content\/uploads\/2019\/06\/27148952677_841f76550a_o-2.jpg","width":2048,"height":1365},{"@type":"BreadcrumbList","@id":"https:\/\/milanoluisshub.it\/en\/#breadcrumb","itemListElement":[{"@type":"ListItem","position":1,"name":"Home","item":"https:\/\/milanoluisshub.it\/en\/"},{"@type":"ListItem","position":2,"name":"Home"}]},{"@type":"WebSite","@id":"https:\/\/milanoluisshub.it\/en\/#website","url":"https:\/\/milanoluisshub.it\/en\/","name":"Milano Luiss Hub","description":"Milano Luiss Hub","potentialAction":[{"@type":"SearchAction","target":{"@type":"EntryPoint","urlTemplate":"https:\/\/milanoluisshub.it\/en\/?s={search_term_string}"},"query-input":{"@type":"PropertyValueSpecification","valueRequired":true,"valueName":"search_term_string"}}],"inLanguage":"en-US"}]}},"mfb_rest_fields":["title","yoast_head","yoast_head_json"],"_links":{"self":[{"href":"https:\/\/milanoluisshub.it\/en\/wp-json\/wp\/v2\/pages\/3268","targetHints":{"allow":["GET"]}}],"collection":[{"href":"https:\/\/milanoluisshub.it\/en\/wp-json\/wp\/v2\/pages"}],"about":[{"href":"https:\/\/milanoluisshub.it\/en\/wp-json\/wp\/v2\/types\/page"}],"author":[{"embeddable":true,"href":"https:\/\/milanoluisshub.it\/en\/wp-json\/wp\/v2\/users\/5"}],"replies":[{"embeddable":true,"href":"https:\/\/milanoluisshub.it\/en\/wp-json\/wp\/v2\/comments?post=3268"}],"version-history":[{"count":1,"href":"https:\/\/milanoluisshub.it\/en\/wp-json\/wp\/v2\/pages\/3268\/revisions"}],"predecessor-version":[{"id":4386,"href":"https:\/\/milanoluisshub.it\/en\/wp-json\/wp\/v2\/pages\/3268\/revisions\/4386"}],"wp:featuredmedia":[{"embeddable":true,"href":"https:\/\/milanoluisshub.it\/en\/wp-json\/wp\/v2\/media\/4636"}],"wp:attachment":[{"href":"https:\/\/milanoluisshub.it\/en\/wp-json\/wp\/v2\/media?parent=3268"}],"curies":[{"name":"wp","href":"https:\/\/api.w.org\/{rel}","templated":true}]}}